{"version":"1.0","provider_name":"Forestare","provider_url":"https:\/\/forestare.com\/en\/","author_name":"Forestare","author_url":"https:\/\/forestare.com\/en\/author\/21232f297a57a5a743894a0e4a801fc3\/","title":"FORESTARE - ARAUCO, DE S\u00c8VE ET DE SANGFORESTARE - ARAUCO, DE S\u00c8VE ET DE SANG - Forestare","type":"rich","width":600,"height":338,"html":"<blockquote class=\"wp-embedded-content\" data-secret=\"TmaFSEHnDx\"><a href=\"https:\/\/forestare.com\/en\/evenements\/forestare-arauco-de-seve-et-de-sang\/\">FORESTARE &#8211; ARAUCO, DE S\u00c8VE ET DE SANGFORESTARE &#8211; ARAUCO, DE S\u00c8VE ET DE SANG<\/a><\/blockquote><iframe sandbox=\"allow-scripts\" security=\"restricted\" src=\"https:\/\/forestare.com\/en\/evenements\/forestare-arauco-de-seve-et-de-sang\/embed\/#?secret=TmaFSEHnDx\" width=\"600\" height=\"338\" title=\"&#8220;FORESTARE &#8211; ARAUCO, DE S\u00c8VE ET DE SANGFORESTARE &#8211; ARAUCO, DE S\u00c8VE ET DE SANG&#8221; &#8212; Forestare\" data-secret=\"TmaFSEHnDx\" frameborder=\"0\" marginwidth=\"0\" marginheight=\"0\" scrolling=\"no\" class=\"wp-embedded-content\"><\/iframe><script type=\"text\/javascript\">\n\/* <![CDATA[ *\/\n\/*! This file is auto-generated *\/\n!function(d,l){\"use strict\";l.querySelector&&d.addEventListener&&\"undefined\"!=typeof URL&&(d.wp=d.wp||{},d.wp.receiveEmbedMessage||(d.wp.receiveEmbedMessage=function(e){var t=e.data;if((t||t.secret||t.message||t.value)&&!\/[^a-zA-Z0-9]\/.test(t.secret)){for(var s,r,n,a=l.querySelectorAll('iframe[data-secret=\"'+t.secret+'\"]'),o=l.querySelectorAll('blockquote[data-secret=\"'+t.secret+'\"]'),c=new RegExp(\"^https?:$\",\"i\"),i=0;i<o.length;i++)o[i].style.display=\"none\";for(i=0;i<a.length;i++)s=a[i],e.source===s.contentWindow&&(s.removeAttribute(\"style\"),\"height\"===t.message?(1e3<(r=parseInt(t.value,10))?r=1e3:~~r<200&&(r=200),s.height=r):\"link\"===t.message&&(r=new URL(s.getAttribute(\"src\")),n=new URL(t.value),c.test(n.protocol))&&n.host===r.host&&l.activeElement===s&&(d.top.location.href=t.value))}},d.addEventListener(\"message\",d.wp.receiveEmbedMessage,!1),l.addEventListener(\"DOMContentLoaded\",function(){for(var e,t,s=l.querySelectorAll(\"iframe.wp-embedded-content\"),r=0;r<s.length;r++)(t=(e=s[r]).getAttribute(\"data-secret\"))||(t=Math.random().toString(36).substring(2,12),e.src+=\"#?secret=\"+t,e.setAttribute(\"data-secret\",t)),e.contentWindow.postMessage({message:\"ready\",secret:t},\"*\")},!1)))}(window,document);\n\/* ]]> *\/\n<\/script>\n","description":"De retour du Festival Entrecuerdas \u00e0 Santiago au Chili, Alexandre \u00c9thier a rapport\u00e9 dans ses bagages, une magnifique \u0153uvre du compositeur chilien Javier Farias. Les 14 membres de Forestare, cet ensemble sans pareil, vous convient \u00e0 un voyage musical du sud au nord o\u00f9 l\u2019histoire des autochtones des Am\u00e9riques fera[...]"}